{"id":4674,"date":"2024-05-21T16:08:12","date_gmt":"2024-05-21T14:08:12","guid":{"rendered":"https:\/\/www.smart-rail-campus.de\/?page_id=4674"},"modified":"2025-11-24T07:22:48","modified_gmt":"2025-11-24T06:22:48","slug":"wir-buendnis","status":"publish","type":"page","link":"https:\/\/www.smart-rail-campus.de\/?page_id=4674","title":{"rendered":"WIR!-B\u00fcndnis"},"content":{"rendered":"\t\t<div data-elementor-type=\"wp-page\" data-elementor-id=\"4674\" class=\"elementor elementor-4674\">\n\t\t\t\t\t\t<section class=\"elementor-section elementor-top-section elementor-element elementor-element-43a9412 elementor-section-boxed elementor-section-height-default elementor-section-height-default\" data-id=\"43a9412\" data-element_type=\"section\" data-e-type=\"section\">\n\t\t\t\t\t\t<div class=\"elementor-container elementor-column-gap-default\">\n\t\t\t\t\t<div class=\"elementor-column elementor-col-50 elementor-top-column elementor-element elementor-element-3b0b6e1\" data-id=\"3b0b6e1\" data-element_type=\"column\" data-e-type=\"column\">\n\t\t\t<div class=\"elementor-widget-wrap elementor-element-populated\">\n\t\t\t\t\t\t<div class=\"elementor-element elementor-element-b15a6e9 elementor-widget__width-initial elementor-widget elementor-widget-image\" data-id=\"b15a6e9\" data-element_type=\"widget\" data-e-type=\"widget\" data-widget_type=\"image.default\">\n\t\t\t\t<div class=\"elementor-widget-container\">\n\t\t\t\t\t\t\t\t\t\t\t\t\t\t\t<img decoding=\"async\" src=\"https:\/\/www.smart-rail-campus.de\/wp-content\/uploads\/2024\/02\/wir-logo_600x400.jpg\" title=\"wir-logo_600x400\" alt=\"wir-logo_600x400\" loading=\"lazy\" \/>\t\t\t\t\t\t\t\t\t\t\t\t\t\t\t<\/div>\n\t\t\t\t<\/div>\n\t\t\t\t\t<\/div>\n\t\t<\/div>\n\t\t\t\t<div class=\"elementor-column elementor-col-50 elementor-top-column elementor-element elementor-element-58f5360\" data-id=\"58f5360\" data-element_type=\"column\" data-e-type=\"column\">\n\t\t\t<div class=\"elementor-widget-wrap elementor-element-populated\">\n\t\t\t\t\t\t<div class=\"elementor-element elementor-element-13b311f elementor-widget__width-initial elementor-widget elementor-widget-image\" data-id=\"13b311f\" data-element_type=\"widget\" data-e-type=\"widget\" data-widget_type=\"image.default\">\n\t\t\t\t<div class=\"elementor-widget-container\">\n\t\t\t\t\t\t\t\t\t\t\t\t\t\t\t<img decoding=\"async\" src=\"https:\/\/www.smart-rail-campus.de\/wp-content\/uploads\/2025\/11\/BMFTR_de_Web_RGB_gef_durch-2.png\" title=\"BMFTR_de_Web_RGB_gef_durch-2\" alt=\"BMFTR_de_Web_RGB_gef_durch-2\" loading=\"lazy\" \/>\t\t\t\t\t\t\t\t\t\t\t\t\t\t\t<\/div>\n\t\t\t\t<\/div>\n\t\t\t\t\t<\/div>\n\t\t<\/div>\n\t\t\t\t\t<\/div>\n\t\t<\/section>\n\t\t\t\t<section class=\"elementor-section elementor-top-section elementor-element elementor-element-efeccaf elementor-section-boxed elementor-section-height-default elementor-section-height-default\" data-id=\"efeccaf\" data-element_type=\"section\" data-e-type=\"section\">\n\t\t\t\t\t\t<div class=\"elementor-container elementor-column-gap-default\">\n\t\t\t\t\t<div class=\"elementor-column elementor-col-100 elementor-top-column elementor-element elementor-element-1947f8c\" data-id=\"1947f8c\" data-element_type=\"column\" data-e-type=\"column\">\n\t\t\t<div class=\"elementor-widget-wrap elementor-element-populated\">\n\t\t\t\t\t\t<div class=\"elementor-element elementor-element-2d92565 elementor-widget elementor-widget-heading\" data-id=\"2d92565\" data-element_type=\"widget\" data-e-type=\"widget\" data-widget_type=\"heading.default\">\n\t\t\t\t<div class=\"elementor-widget-container\">\n\t\t\t\t\t<h2 class=\"elementor-heading-title elementor-size-default\">SRCC als B\u00fcndnis im Rahmen des BMBF-F\u00f6rderprogramm \u201eWandel durch Innovation in der Region (WIR!)\u201c\n<\/h2>\t\t\t\t<\/div>\n\t\t\t\t<\/div>\n\t\t\t\t\t<\/div>\n\t\t<\/div>\n\t\t\t\t\t<\/div>\n\t\t<\/section>\n\t\t\t\t<section class=\"elementor-section elementor-top-section elementor-element elementor-element-728ba34 elementor-section-boxed elementor-section-height-default elementor-section-height-default\" data-id=\"728ba34\" data-element_type=\"section\" data-e-type=\"section\">\n\t\t\t\t\t\t<div class=\"elementor-container elementor-column-gap-default\">\n\t\t\t\t\t<div class=\"elementor-column elementor-col-100 elementor-top-column elementor-element elementor-element-6b5f926\" data-id=\"6b5f926\" data-element_type=\"column\" data-e-type=\"column\">\n\t\t\t<div class=\"elementor-widget-wrap elementor-element-populated\">\n\t\t\t\t\t\t<div class=\"elementor-element elementor-element-cbb86f4 elementor-widget elementor-widget-heading\" data-id=\"cbb86f4\" data-element_type=\"widget\" data-e-type=\"widget\" data-widget_type=\"heading.default\">\n\t\t\t\t<div class=\"elementor-widget-container\">\n\t\t\t\t\t<h5 class=\"elementor-heading-title elementor-size-default\">Informationen zu WIR!<\/h5>\t\t\t\t<\/div>\n\t\t\t\t<\/div>\n\t\t\t\t\t<\/div>\n\t\t<\/div>\n\t\t\t\t\t<\/div>\n\t\t<\/section>\n\t\t\t\t<section class=\"elementor-section elementor-top-section elementor-element elementor-element-47d8ede elementor-section-boxed elementor-section-height-default elementor-section-height-default\" data-id=\"47d8ede\" data-element_type=\"section\" data-e-type=\"section\">\n\t\t\t\t\t\t<div class=\"elementor-container elementor-column-gap-default\">\n\t\t\t\t\t<div class=\"elementor-column elementor-col-50 elementor-top-column elementor-element elementor-element-afa0ec4\" data-id=\"afa0ec4\" data-element_type=\"column\" data-e-type=\"column\">\n\t\t\t<div class=\"elementor-widget-wrap elementor-element-populated\">\n\t\t\t\t\t\t<div class=\"elementor-element elementor-element-44bba95 elementor-widget elementor-widget-text-editor\" data-id=\"44bba95\" data-element_type=\"widget\" data-e-type=\"widget\" data-widget_type=\"text-editor.default\">\n\t\t\t\t<div class=\"elementor-widget-container\">\n\t\t\t\t\t\t\t\t\t<p><span data-usefontface=\"true\" data-contrast=\"none\">Das B\u00fcndnis \u201eSmart Rail Connectivity Campus\u201c ist eines von 20 B\u00fcndnissen, die im Programm \u201eWIR! \u2013 Wandel durch Innovation in der Region\u201c des <\/span><span data-usefontface=\"true\" data-contrast=\"none\">Bundesministeriums f\u00fcr Bildung und Forschung in der Umsetzungsphase gef\u00f6rdert werden. Dieses Programm soll strukturschwachen Regionen jenseits der <\/span><span data-usefontface=\"true\" data-contrast=\"none\">bestehenden Wirtschafts- und Innovationszentren starke neue Impulse geben, die regionale Innovationsf\u00e4higkeit erh\u00f6hen und langfristig Perspektiven f\u00fcr <\/span><span data-usefontface=\"true\" data-contrast=\"none\">Wachstum und Besch\u00e4ftigung schaffen. Dies soll \u00fcber integrierte strategische Ans\u00e4tze erfolgen, die Forschung, Entwicklung und Innovation in den Mittelpunkt <\/span><span data-usefontface=\"true\" data-contrast=\"none\">stellen sowie die bereits vorhandenen St\u00e4rken der Region angemessen ber\u00fccksichtigen und weiterentwickeln. Zudem ist es wichtig, dass m\u00f6glichst viele <\/span><span data-usefontface=\"true\" data-contrast=\"none\">verschiedene regionale Akteure aus Wirtschaft, Wissenschaft und Gesellschaft diesen Wandel aktiv mittragen.<\/span><\/p><p><span data-usefontface=\"true\" data-contrast=\"none\">Mehr zum WIR!-Programm finden Sie\u00a0<\/span><a href=\"https:\/\/www.innovation-strukturwandel.de\/de\/wir---wandel-durch-innovation-in-der-region-2061.html\"><span data-usefontface=\"true\" data-contrast=\"none\">hier<\/span><\/a><span data-usefontface=\"true\" data-contrast=\"none\">.<\/span><\/p><p><span data-usefontface=\"true\" data-contrast=\"none\">Gerne verweisen wir auf <\/span><a href=\"https:\/\/www.smarterz.de\/home\/\"><span data-usefontface=\"true\" data-contrast=\"none\">SmartERZ<\/span><\/a><span data-usefontface=\"true\" data-contrast=\"none\">\u00a0als ein weiteres WIR!-B\u00fcndnis im Erzgebirge<\/span><\/p>\t\t\t\t\t\t\t\t<\/div>\n\t\t\t\t<\/div>\n\t\t\t\t\t<\/div>\n\t\t<\/div>\n\t\t\t\t<div class=\"elementor-column elementor-col-50 elementor-top-column elementor-element elementor-element-0aaeeab\" data-id=\"0aaeeab\" data-element_type=\"column\" data-e-type=\"column\">\n\t\t\t<div class=\"elementor-widget-wrap elementor-element-populated\">\n\t\t\t\t\t\t<div class=\"elementor-element elementor-element-c819ef3 elementor-widget__width-initial elementor-widget elementor-widget-image\" data-id=\"c819ef3\" data-element_type=\"widget\" data-e-type=\"widget\" data-widget_type=\"image.default\">\n\t\t\t\t<div class=\"elementor-widget-container\">\n\t\t\t\t\t\t\t\t\t\t\t\t<figure class=\"wp-caption\">\n\t\t\t\t\t\t\t\t\t\t<img fetchpriority=\"high\" decoding=\"async\" width=\"800\" height=\"600\" src=\"https:\/\/www.smart-rail-campus.de\/wp-content\/uploads\/2024\/02\/Kooperationsvereinbarung-WIR-2-2.jpg\" class=\"attachment-full size-full wp-image-3761\" alt=\"\" srcset=\"https:\/\/www.smart-rail-campus.de\/wp-content\/uploads\/2024\/02\/Kooperationsvereinbarung-WIR-2-2.jpg 800w, https:\/\/www.smart-rail-campus.de\/wp-content\/uploads\/2024\/02\/Kooperationsvereinbarung-WIR-2-2-300x225.jpg 300w, https:\/\/www.smart-rail-campus.de\/wp-content\/uploads\/2024\/02\/Kooperationsvereinbarung-WIR-2-2-768x576.jpg 768w\" sizes=\"(max-width: 800px) 100vw, 800px\" \/>\t\t\t\t\t\t\t\t\t\t\t<figcaption class=\"widget-image-caption wp-caption-text\">Kooperationsvereinbarung WIR! (Foto: saznic\/Pierre Graupner)<\/figcaption>\n\t\t\t\t\t\t\t\t\t\t<\/figure>\n\t\t\t\t\t\t\t\t\t<\/div>\n\t\t\t\t<\/div>\n\t\t\t\t\t<\/div>\n\t\t<\/div>\n\t\t\t\t\t<\/div>\n\t\t<\/section>\n\t\t\t\t<section class=\"elementor-section elementor-top-section elementor-element elementor-element-ce57206 elementor-section-boxed elementor-section-height-default elementor-section-height-default\" data-id=\"ce57206\" data-element_type=\"section\" data-e-type=\"section\">\n\t\t\t\t\t\t<div class=\"elementor-container elementor-column-gap-default\">\n\t\t\t\t\t<div class=\"elementor-column elementor-col-100 elementor-top-column elementor-element elementor-element-a1ebdd5\" data-id=\"a1ebdd5\" data-element_type=\"column\" data-e-type=\"column\">\n\t\t\t<div class=\"elementor-widget-wrap elementor-element-populated\">\n\t\t\t\t\t\t<div class=\"elementor-element elementor-element-d25dd62 elementor-widget elementor-widget-heading\" data-id=\"d25dd62\" data-element_type=\"widget\" data-e-type=\"widget\" data-widget_type=\"heading.default\">\n\t\t\t\t<div class=\"elementor-widget-container\">\n\t\t\t\t\t<h5 class=\"elementor-heading-title elementor-size-default\">Ziele als WIR!-B\u00fcndnis<\/h5>\t\t\t\t<\/div>\n\t\t\t\t<\/div>\n\t\t\t\t\t<\/div>\n\t\t<\/div>\n\t\t\t\t\t<\/div>\n\t\t<\/section>\n\t\t\t\t<section class=\"elementor-section elementor-top-section elementor-element elementor-element-8b539eb elementor-section-boxed elementor-section-height-default elementor-section-height-default\" data-id=\"8b539eb\" data-element_type=\"section\" data-e-type=\"section\">\n\t\t\t\t\t\t<div class=\"elementor-container elementor-column-gap-default\">\n\t\t\t\t\t<div class=\"elementor-column elementor-col-100 elementor-top-column elementor-element elementor-element-d25c21d\" data-id=\"d25c21d\" data-element_type=\"column\" data-e-type=\"column\">\n\t\t\t<div class=\"elementor-widget-wrap elementor-element-populated\">\n\t\t\t\t\t\t<div class=\"elementor-element elementor-element-d7bacbb elementor-widget elementor-widget-text-editor\" data-id=\"d7bacbb\" data-element_type=\"widget\" data-e-type=\"widget\" data-widget_type=\"text-editor.default\">\n\t\t\t\t<div class=\"elementor-widget-container\">\n\t\t\t\t\t\t\t\t\t<div><div><p><span data-usefontface=\"true\" data-contrast=\"none\">Ziel des SRCC-B\u00fcndnisses ist es, als leistungsf\u00e4hige Plattform f\u00fcr Innovationen in Annaberg-Buchholz eine Keimzelle f\u00fcr den Strukturwandel in der Region <\/span><span data-usefontface=\"true\" data-contrast=\"none\">Chemnitz-Erzgebirge zu sein. Um die Innovationskraft und Wettbewerbsf\u00e4higkeit der Unternehmen der Region zu st\u00e4rken, bietet das B\u00fcndnis den Unternehmen <\/span><span data-usefontface=\"true\" data-contrast=\"none\">die Chance zur Netzwerkbildung und insbesondere zur wirtschaftsnahen Kooperation mit Forschungs- und Entwicklungseinrichtungen. Neben dem prim\u00e4ren <\/span><span data-usefontface=\"true\" data-contrast=\"none\">Innovationsfeld des digitalisierten, vernetzten, automatisierten und nachhaltigen Bahnverkehrs soll der Campus auch einen Kristallisationspunkt f\u00fcr Innovationen in <\/span><span data-usefontface=\"true\" data-contrast=\"none\">den regional starken Branchen Maschinen- und Anlagenbau sowie Automotive bilden. Die F\u00f6rderung im Rahmen des WIR!-Programms dient als <\/span><span data-usefontface=\"true\" data-contrast=\"none\">Anschubfinanzierung f\u00fcr eine dauerhafte Etablierung eines Forschungscampus in Annaberg-Buchholz.<\/span><\/p><p><span data-usefontface=\"true\" data-contrast=\"none\">F\u00fcr die TU Chemnitz als Kernpartner des B\u00fcndnisses tr\u00e4gt das Vorhaben neben einer fach\u00fcbergreifenden B\u00fcndelung existierender Kompetenzen durch <\/span><span data-usefontface=\"true\" data-contrast=\"none\">interdisziplin\u00e4re, kooperative Forschungsprojekte insbesondere zum Ausbau und zur St\u00e4rkung der Kompetenzen in allen drei Kernkompetenzfeldern der TU <\/span><span data-usefontface=\"true\" data-contrast=\"none\">Chemnitz (\u201eMaterialien und Intelligente Systeme\u201c, \u201eRessourceneffiziente Produktion und Leichtbau\u201c sowie \u201eMensch und Technik\u201c) bei. Zudem haben die in den <\/span><span data-usefontface=\"true\" data-contrast=\"none\">Projekten entwickelten L\u00f6sungen das Potenzial, sich durch Nachhaltigkeit, Interdisziplinarit\u00e4t und gesellschaftlichen Nutzen auszuzeichnen. Als regional verankerte <\/span><span data-usefontface=\"true\" data-contrast=\"none\">Universit\u00e4t wird dar\u00fcber hinaus ein aktiver und nachhaltiger Transfer angestrebt, mit dem die Potenziale der Universit\u00e4t und deren Ergebnisse in Forschung und <\/span><span data-usefontface=\"true\" data-contrast=\"none\">Lehre f\u00fcr Wirtschaft, Wissenschaft, Gesellschaft und Politik nutzbar gemacht werden sollen.<\/span><\/p><\/div><\/div>\t\t\t\t\t\t\t\t<\/div>\n\t\t\t\t<\/div>\n\t\t\t\t\t<\/div>\n\t\t<\/div>\n\t\t\t\t\t<\/div>\n\t\t<\/section>\n\t\t\t\t<section class=\"elementor-section elementor-top-section elementor-element elementor-element-5162836 elementor-section-boxed elementor-section-height-default elementor-section-height-default\" data-id=\"5162836\" data-element_type=\"section\" data-e-type=\"section\">\n\t\t\t\t\t\t<div class=\"elementor-container elementor-column-gap-default\">\n\t\t\t\t\t<div class=\"elementor-column elementor-col-100 elementor-top-column elementor-element elementor-element-e7b80d4\" data-id=\"e7b80d4\" data-element_type=\"column\" data-e-type=\"column\">\n\t\t\t<div class=\"elementor-widget-wrap elementor-element-populated\">\n\t\t\t\t\t\t<div class=\"elementor-element elementor-element-17db422 elementor-widget elementor-widget-heading\" data-id=\"17db422\" data-element_type=\"widget\" data-e-type=\"widget\" data-widget_type=\"heading.default\">\n\t\t\t\t<div class=\"elementor-widget-container\">\n\t\t\t\t\t<h5 class=\"elementor-heading-title elementor-size-default\">WIR!-Beirat<\/h5>\t\t\t\t<\/div>\n\t\t\t\t<\/div>\n\t\t\t\t\t<\/div>\n\t\t<\/div>\n\t\t\t\t\t<\/div>\n\t\t<\/section>\n\t\t\t\t<section class=\"elementor-section elementor-top-section elementor-element elementor-element-0ba2a05 elementor-section-boxed elementor-section-height-default elementor-section-height-default\" data-id=\"0ba2a05\" data-element_type=\"section\" data-e-type=\"section\">\n\t\t\t\t\t\t<div class=\"elementor-container elementor-column-gap-default\">\n\t\t\t\t\t<div class=\"elementor-column elementor-col-100 elementor-top-column elementor-element elementor-element-e7f91e2\" data-id=\"e7f91e2\" data-element_type=\"column\" data-e-type=\"column\">\n\t\t\t<div class=\"elementor-widget-wrap elementor-element-populated\">\n\t\t\t\t\t\t<div class=\"elementor-element elementor-element-2956bd3 elementor-widget elementor-widget-text-editor\" data-id=\"2956bd3\" data-element_type=\"widget\" data-e-type=\"widget\" data-widget_type=\"text-editor.default\">\n\t\t\t\t<div class=\"elementor-widget-container\">\n\t\t\t\t\t\t\t\t\t<p data-ccp-props=\"{&quot;335551550&quot;:1,&quot;335551620&quot;:1,&quot;335559683&quot;:0,&quot;335559685&quot;:0,&quot;335559731&quot;:0,&quot;335559737&quot;:0,&quot;335562764&quot;:2,&quot;335562765&quot;:0.9,&quot;335562766&quot;:4,&quot;335562767&quot;:6,&quot;335562768&quot;:4,&quot;335562769&quot;:0}\">Im Zuge <span data-usefontface=\"true\" data-contrast=\"none\">der F\u00f6rderung durch das WIR!-Programm wurde ein WIR!-Beirat eingerichtet. <\/span><span data-usefontface=\"true\" data-contrast=\"none\">Dieser hat die Aufgabe, das B\u00fcndnis unter besonderer Ber\u00fccksichtigung der zentralen Programmkriterien bei der Entwicklung und Umsetzung der <\/span><span data-usefontface=\"true\" data-contrast=\"none\">Strategie zu begleiten und zu beraten. <\/span><span data-usefontface=\"true\" data-contrast=\"none\">Er begutachtet und bewertet die Forschungsvorhaben des B\u00fcndnisses hinsichtlich der Passf\u00e4higkeit zur Strategie und der F\u00f6rderw\u00fcrdigkeit.<\/span><\/p><ul><li data-charcodes=\"8226\" data-font=\"Arial,Sans-Serif\" data-buautonum=\"8\" data-aria-posinset=\"1\" data-aria-level=\"1\"><span data-usefontface=\"true\" data-contrast=\"none\">MR Stefan Schmitt (Referatsleiter im Bundesministerium f\u00fcr Verkehr und digitale Infrastruktur; Beiratsvorsitzender),<\/span><\/li><li data-charcodes=\"8226\" data-font=\"Arial,Sans-Serif\" data-buautonum=\"8\" data-aria-posinset=\"2\" data-aria-level=\"1\"><span data-usefontface=\"true\" data-contrast=\"none\">Gunnar Bertram (Vorstandsvorsitzender Volksbank Chemnitz),<\/span><\/li><li data-charcodes=\"8226\" data-font=\"Arial,Sans-Serif\" data-buautonum=\"8\" data-aria-posinset=\"4\" data-aria-level=\"1\"><span data-scheme-color=\"@FF0000,,\" data-usefontface=\"true\" data-contrast=\"none\">Prof. Dr. Gert Bikker<\/span><span data-scheme-color=\"@FF0000,,\" data-usefontface=\"true\" data-contrast=\"none\"> (Institutsdirektor Schienensystemtechnik am Deutschen Zentrum f\u00fcr Luft- und Raumfahrt, Institut f\u00fcr Verkehrssystemtechnik)<\/span><\/li><li data-charcodes=\"8226\" data-font=\"Arial,Sans-Serif\" data-buautonum=\"8\" data-aria-posinset=\"5\" data-aria-level=\"1\"><span data-usefontface=\"true\" data-contrast=\"none\">Dr. Michael Leining (Technical <\/span><span data-usefontface=\"true\" data-contrast=\"none\">Liason<\/span><span data-usefontface=\"true\" data-contrast=\"none\"> Officer bei EULYNX),<\/span><\/li><li data-charcodes=\"8226\" data-font=\"Arial,Sans-Serif\" data-buautonum=\"8\" data-aria-posinset=\"6\" data-aria-level=\"1\"><span data-usefontface=\"true\" data-contrast=\"none\">Detlef M\u00fcller (Mitglied im Verkehrsausschuss des Deutschen Bundestages),<\/span><\/li><li data-charcodes=\"8226\" data-font=\"Arial,Sans-Serif\" data-buautonum=\"8\" data-aria-posinset=\"7\" data-aria-level=\"1\"><span data-usefontface=\"true\" data-contrast=\"none\">Markus Reinhardt (Referent im Eisenbahnbundesamt),<\/span><\/li><li data-charcodes=\"8226\" data-font=\"Arial,Sans-Serif\" data-buautonum=\"8\" data-aria-posinset=\"8\" data-aria-level=\"1\"><span data-usefontface=\"true\" data-contrast=\"none\">Axel Schuppe (Gesch\u00e4ftsf\u00fchrer des Verbandes der Bahnindustrie in Deutschland),<\/span><\/li><li data-charcodes=\"8226\" data-font=\"Arial,Sans-Serif\" data-buautonum=\"8\" data-aria-posinset=\"9\" data-aria-level=\"1\"><span data-usefontface=\"true\" data-contrast=\"none\">Jana Dost (Gesch\u00e4ftsf\u00fchrerin der Regionalkammer Erzgebirge, IHK Chemnitz).<\/span><\/li><\/ul>\t\t\t\t\t\t\t\t<\/div>\n\t\t\t\t<\/div>\n\t\t\t\t\t<\/div>\n\t\t<\/div>\n\t\t\t\t\t<\/div>\n\t\t<\/section>\n\t\t\t\t<\/div>\n\t\t","protected":false},"excerpt":{"rendered":"<p>SRCC als B\u00fcndnis im Rahmen des BMBF-F\u00f6rderprogramm \u201eWandel durch Innovation in der Region (WIR!)\u201c Informationen zu WIR! Das B\u00fcndnis \u201eSmart Rail Connectivity Campus\u201c ist eines von 20 B\u00fcndnissen, die im Programm \u201eWIR! \u2013 Wandel durch Innovation in der Region\u201c des Bundesministeriums f\u00fcr Bildung und Forschung in der Umsetzungsphase gef\u00f6rdert werden. Dieses Programm soll strukturschwachen Regionen [&hellip;]<\/p>\n","protected":false},"author":4,"featured_media":0,"parent":0,"menu_order":0,"comment_status":"closed","ping_status":"closed","template":"","meta":{"footnotes":""},"class_list":["post-4674","page","type-page","status-publish","hentry","post"],"_links":{"self":[{"href":"https:\/\/www.smart-rail-campus.de\/index.php?rest_route=\/wp\/v2\/pages\/4674","targetHints":{"allow":["GET"]}}],"collection":[{"href":"https:\/\/www.smart-rail-campus.de\/index.php?rest_route=\/wp\/v2\/pages"}],"about":[{"href":"https:\/\/www.smart-rail-campus.de\/index.php?rest_route=\/wp\/v2\/types\/page"}],"author":[{"embeddable":true,"href":"https:\/\/www.smart-rail-campus.de\/index.php?rest_route=\/wp\/v2\/users\/4"}],"replies":[{"embeddable":true,"href":"https:\/\/www.smart-rail-campus.de\/index.php?rest_route=%2Fwp%2Fv2%2Fcomments&post=4674"}],"version-history":[{"count":17,"href":"https:\/\/www.smart-rail-campus.de\/index.php?rest_route=\/wp\/v2\/pages\/4674\/revisions"}],"predecessor-version":[{"id":7411,"href":"https:\/\/www.smart-rail-campus.de\/index.php?rest_route=\/wp\/v2\/pages\/4674\/revisions\/7411"}],"wp:attachment":[{"href":"https:\/\/www.smart-rail-campus.de\/index.php?rest_route=%2Fwp%2Fv2%2Fmedia&parent=4674"}],"curies":[{"name":"wp","href":"https:\/\/api.w.org\/{rel}","templated":true}]}}